{"id":8547,"date":"2023-01-26T11:05:20","date_gmt":"2023-01-26T10:05:20","guid":{"rendered":"https:\/\/rali.fr\/blog-fr\/?page_id=8547"},"modified":"2023-12-15T13:19:13","modified_gmt":"2023-12-15T12:19:13","slug":"mallette-systainer-rali-un-concentre-de-technologie","status":"publish","type":"page","link":"https:\/\/rali.fr\/blog-fr\/mallette-systainer-rali-un-concentre-de-technologie\/","title":{"rendered":"Pr\u00e9sentation &#8211; La mallette id\u00e9ale pour les professionnels du bois"},"content":{"rendered":"\n\n  <div class=\"banner has-hover has-video\" id=\"banner-1991803822\">\n          <div class=\"banner-inner fill\">\n        <div class=\"banner-bg fill\" >\n                        \t<div class=\"video-overlay no-click fill visible\"><\/div>\n\t<video class=\"video-bg fill visible\" preload playsinline autoplay muted loop>\n\t\t<source src=\"https:\/\/video.rali.ch\/presentation-systainer.mp4\" type=\"video\/mp4\">\t<\/video>\n                        \n                    <\/div>\n\t\t\n        <div class=\"banner-layers container\">\n            <div class=\"fill banner-link\"><\/div>            \n\n\n        <\/div>\n      <\/div>\n\n            \n<style>\n#banner-1991803822 {\n  padding-top: 50%;\n}\n<\/style>\n  <\/div>\n\n\n<div class=\"row row-full-width align-middle align-center row-dashed\"  id=\"row-321246745\">\n\n\n\t<div id=\"col-1954194945\" class=\"col small-12 large-12\"  >\n\t\t\t\t<div class=\"col-inner text-center\" style=\"background-color:rgb(236, 236, 236);\" >\n\t\t\t\n\t\t\t\n\n\t<div id=\"text-3143837429\" class=\"text\">\n\t\t\n\n<h2 class=\"uppercase\"><span style=\"font-size: 110%;\">le concept des rabots nouvelle g\u00e9n\u00e9ration<\/span><\/h2>\n\t\t\n<style>\n#text-3143837429 {\n  font-size: 0.75rem;\n}\n<\/style>\n\t<\/div>\n\t\n\n\t\t<\/div>\n\t\t\t\t\t<\/div>\n\n\t\n\n<\/div>\n<div class=\"row align-center\"  id=\"row-150059016\">\n\n\n\t<div id=\"col-786813883\" class=\"col medium-8 small-12 large-8\"  >\n\t\t\t\t<div class=\"col-inner text-center\"  >\n\t\t\t\n\t\t\t\n\n<p>RALI r\u00e9volutionne l&rsquo;usages des outils \u00e0 main pour travailler le bois afin de les rendre plus facile \u00e0 r\u00e9gler et sans besoin de les aff\u00fbter r\u00e9guli\u00e8rement.&nbsp;<\/p>\n<p>Les outils RALI sont ainsi toujours coupants et op\u00e9rationnels sur les chantiers comme en atelier.<\/p>\n<p><strong>D\u00e9couvrez en 2mn notre concept r\u00e9volutionnaire en vid\u00e9eo :<\/strong><\/p>\n\t\t<div class=\"video-responsive\">\n\t\t\t\t\n\n<iframe src=\"https:\/\/www.youtube.com\/embed\/CqAbFNvPSXc?cc_load_policy=1&amp;rel=0\" frameborder=\"0\"><\/iframe>\n\t\t<\/div>\n\t\n\n\t\t<\/div>\n\t\t\t\t\t<\/div>\n\n\t\n\n<\/div>\n<div class=\"row row-full-width align-middle align-center row-dashed\"  id=\"row-194276332\">\n\n\n\t<div id=\"col-982397015\" class=\"col small-12 large-12\"  >\n\t\t\t\t<div class=\"col-inner text-center\" style=\"background-color:rgb(236, 236, 236);\" >\n\t\t\t\n\t\t\t\n\n\t<div id=\"text-451240266\" class=\"text\">\n\t\t\n\n<h2 class=\"uppercase\"><span style=\"font-size: 110%;\">toutes Les fonctionnalit\u00e9s RASSEMBLEES DANS UN COFFRET UNIQUE<\/span><\/h2>\n\t\t\n<style>\n#text-451240266 {\n  font-size: 0.75rem;\n}\n<\/style>\n\t<\/div>\n\t\n\n\t\t<\/div>\n\t\t\t\t\t<\/div>\n\n\t\n\n<\/div>\n<div class=\"row\"  id=\"row-1378893199\">\n\n\n\t<div id=\"col-427714674\" class=\"col small-12 large-12\"  >\n\t\t\t\t<div class=\"col-inner\"  >\n\t\t\t\n\t\t\t\n\n<div class=\"row align-middle\"  id=\"row-356234503\">\n\n\n\t<div id=\"col-2061805351\" class=\"col medium-6 small-12 large-6\"  >\n\t\t\t\t<div class=\"col-inner text-center\"  >\n\t\t\t\n\t\t\t\n\n\t<div id=\"text-613184220\" class=\"text\">\n\t\t\n\n<h3 class=\"titre_1\" style=\"text-align: left;\"><span style=\"font-size: 120%;\"><strong>1- RABOTER<\/strong><\/span><\/h3>\n<div id=\"TheTexte\" class=\"Texte\" lang=\"zxx\">\n<p style=\"text-align: left;\">Tous les rabots RALI sont \u00e9quip\u00e9s d&rsquo;un<strong> syst\u00e8me unique de lames interchangeables. <\/strong>Cette fonctionnalit\u00e9 permet principalement d&rsquo;avoir <strong>des outils toujours op\u00e9rationnels.<\/strong><\/p>\n<p style=\"text-align: left;\">Gr\u00e2ce au 2 types de lames dispos\u00e9es dans la poign\u00e9e, vous pouvez<strong> travailler les bois durs comme les bois tendres avec le m\u00eame outil.<\/strong><\/p>\n<p style=\"text-align: left;\">Les r\u00e9glages ultra-simples permettent \u00e9galement de travailler le bois en finition comme en \u00e9bauche.&nbsp;Un seul rabot pour toutes ces fonctions.<\/p>\n<p style=\"text-align: left;\"><strong>Fini les op\u00e9rations d&rsquo;aff\u00fbtage, vos outils sont d\u00e9sormais toujours coupants.<\/strong><\/p>\n<\/div>\n\t\t\n<style>\n#text-613184220 {\n  text-align: center;\n}\n<\/style>\n\t<\/div>\n\t\n\n\t\t<\/div>\n\t\t\t\t\t<\/div>\n\n\t\n\n\t<div id=\"col-1390872755\" class=\"col medium-6 small-12 large-6\"  >\n\t\t\t\t<div class=\"col-inner\"  >\n\t\t\t\n\t\t\t\n\n\t<div class=\"img has-hover x md-x lg-x y md-y lg-y\" id=\"image_2054086337\">\n\t\t\t\t\t\t\t\t<div class=\"img-inner image-cover dark\" style=\"padding-top:56.25%;\">\n\t\t\t<img decoding=\"async\" width=\"2560\" height=\"1356\" src=\"https:\/\/rali.fr\/blog-fr\/wp-content\/uploads\/2023\/01\/2018-07-27_10-47-40_Samvaz__010-Copie-scaled-e1674749041340.jpg\" class=\"attachment-original size-original\" alt=\"gamme rabot\" srcset=\"https:\/\/rali.fr\/blog-fr\/wp-content\/uploads\/2023\/01\/2018-07-27_10-47-40_Samvaz__010-Copie-scaled-e1674749041340.jpg 2560w, https:\/\/rali.fr\/blog-fr\/wp-content\/uploads\/2023\/01\/2018-07-27_10-47-40_Samvaz__010-Copie-scaled-e1674749041340-900x477.jpg 900w, https:\/\/rali.fr\/blog-fr\/wp-content\/uploads\/2023\/01\/2018-07-27_10-47-40_Samvaz__010-Copie-scaled-e1674749041340-1400x742.jpg 1400w, https:\/\/rali.fr\/blog-fr\/wp-content\/uploads\/2023\/01\/2018-07-27_10-47-40_Samvaz__010-Copie-scaled-e1674749041340-768x407.jpg 768w, https:\/\/rali.fr\/blog-fr\/wp-content\/uploads\/2023\/01\/2018-07-27_10-47-40_Samvaz__010-Copie-scaled-e1674749041340-1536x814.jpg 1536w, https:\/\/rali.fr\/blog-fr\/wp-content\/uploads\/2023\/01\/2018-07-27_10-47-40_Samvaz__010-Copie-scaled-e1674749041340-2048x1085.jpg 2048w\" sizes=\"(max-width: 2560px) 100vw, 2560px\" \/>\t\t\t\t\t\t\n\t\t\t\t\t<\/div>\n\t\t\t\t\t\t\t\t\n<style>\n#image_2054086337 {\n  width: 100%;\n}\n<\/style>\n\t<\/div>\n\t\n\n\n\t\t<\/div>\n\t\t\t\t\t<\/div>\n\n\t\n\n<\/div>\n<div class=\"row align-middle align-center\"  id=\"row-826278947\">\n\n\n\t<div id=\"col-1447134864\" class=\"col medium-6 small-12 large-6\"  >\n\t\t\t\t<div class=\"col-inner\"  >\n\t\t\t\n\t\t\t\n\n\t<div class=\"img has-hover x md-x lg-x y md-y lg-y\" id=\"image_887395407\">\n\t\t\t\t\t\t\t\t<div class=\"img-inner dark\" >\n\t\t\t<img decoding=\"async\" width=\"768\" height=\"538\" src=\"https:\/\/rali.fr\/blog-fr\/wp-content\/uploads\/2022\/12\/rali_shark_case_exclusive-complete_2-1-768x538.jpeg\" class=\"attachment-medium_large size-medium_large\" alt=\"rali shark\" srcset=\"https:\/\/rali.fr\/blog-fr\/wp-content\/uploads\/2022\/12\/rali_shark_case_exclusive-complete_2-1-768x538.jpeg 768w, https:\/\/rali.fr\/blog-fr\/wp-content\/uploads\/2022\/12\/rali_shark_case_exclusive-complete_2-1-857x600.jpeg 857w, https:\/\/rali.fr\/blog-fr\/wp-content\/uploads\/2022\/12\/rali_shark_case_exclusive-complete_2-1.jpeg 1200w\" sizes=\"(max-width: 768px) 100vw, 768px\" \/>\t\t\t\t\t\t\n\t\t\t\t\t<\/div>\n\t\t\t\t\t\t\t\t\n<style>\n#image_887395407 {\n  width: 100%;\n}\n@media (min-width:550px) {\n  #image_887395407 {\n    width: 100%;\n  }\n}\n<\/style>\n\t<\/div>\n\t\n\n\n\t\t<\/div>\n\t\t\t\t\t<\/div>\n\n\t\n\n\t<div id=\"col-257321115\" class=\"col medium-6 small-12 large-6 small-col-first\"  >\n\t\t\t\t<div class=\"col-inner text-center\"  >\n\t\t\t\n\t\t\t\n\n\t<div id=\"text-3806722898\" class=\"text\">\n\t\t\n\n<h3 class=\"titre_1\" style=\"text-align: left;\"><span style=\"font-size: 120%;\">2 &#8211; CISELER<\/span><\/h3>\n<p style=\"text-align: left;\">Les ciseaux RALI SHARK dispose <strong>d&rsquo;un syst\u00e8me unique de fers interchangeables : <\/strong>9 tailles de fers sont ainsi disponibles de 10 \u00e0 40mm.<\/p>\n<p style=\"text-align: left;\"><strong>La fonction ciselage<\/strong> est tr\u00e8s pr\u00e9cise et <strong>le changement de fer s&rsquo;effectue en<\/strong><br><strong>quelques secondes<\/strong>. Les op\u00e9rations d&rsquo;aff\u00fbtage ne sont plus n\u00e9cessaires \u00e9galement. Le coffret RALI SHARK Exclusive embarque tous les porte-outils avec tous les fers.<\/p>\n<p style=\"text-align: left;\">Les accessoires fournis dans cette mallette permettent de rajouter des fonctionnalit\u00e9s comme le <strong>sciage, le raclage et le d\u00e9collage<\/strong>.<\/p>\n<p>&nbsp;<\/p>\n\t\t\n<style>\n#text-3806722898 {\n  text-align: center;\n}\n<\/style>\n\t<\/div>\n\t\n\n\t\t<\/div>\n\t\t\t\t\t<\/div>\n\n\t\n\n<\/div>\n<div class=\"row align-middle\"  id=\"row-1237630264\">\n\n\n\t<div id=\"col-1685477382\" class=\"col medium-6 small-12 large-6\"  >\n\t\t\t\t<div class=\"col-inner text-center\"  >\n\t\t\t\n\t\t\t\n\n\t<div id=\"text-2459806322\" class=\"text\">\n\t\t\n\n<h3 class=\"titre_1\" style=\"text-align: left;\"><span style=\"font-size: 120%;\"><strong>3 &#8211; RACLER<\/strong><\/span><\/h3>\n<div id=\"TheTexte\" class=\"Texte\" lang=\"zxx\">\n<p style=\"text-align: left;\">Le ciseau RALI SHARK L peut-\u00eatre<strong> transform\u00e9 en racloir<\/strong> tr\u00e8s pratique gr\u00e2ce aux adaptateurs fournis dans la mallette.<\/p>\n<p style=\"text-align: left;\"><br>Cette fonctionnalit\u00e9 est tr\u00e8s pratique lorsque vous devez par exemple, enlever de la peinture, du vernis, racler du composite, etc\u2026<\/p>\n<p style=\"text-align: left;\"><br><strong>Plusieurs tailles de fers sont \u00e9galement fournis pour le raclage des diff\u00e9rents mat\u00e9riaux.<\/strong><\/p>\n<\/div>\n\t\t\n<style>\n#text-2459806322 {\n  text-align: center;\n}\n<\/style>\n\t<\/div>\n\t\n\n\t\t<\/div>\n\t\t\t\t\t<\/div>\n\n\t\n\n\t<div id=\"col-443252525\" class=\"col medium-6 small-12 large-6\"  >\n\t\t\t\t<div class=\"col-inner\"  >\n\t\t\t\n\t\t\t\n\n\t<div class=\"img has-hover x md-x lg-x y md-y lg-y\" id=\"image_466231659\">\n\t\t\t\t\t\t\t\t<div class=\"img-inner dark\" >\n\t\t\t<img decoding=\"async\" width=\"478\" height=\"299\" src=\"https:\/\/rali.fr\/blog-fr\/wp-content\/uploads\/2022\/05\/ralishark_racloir_2_1_2_1.jpeg\" class=\"attachment-medium_large size-medium_large\" alt=\"COUTEAUX\" \/>\t\t\t\t\t\t\n\t\t\t\t\t<\/div>\n\t\t\t\t\t\t\t\t\n<style>\n#image_466231659 {\n  width: 100%;\n}\n<\/style>\n\t<\/div>\n\t\n\n\n\t\t<\/div>\n\t\t\t\t\t<\/div>\n\n\t\n\n<\/div>\n<div class=\"row align-middle\"  id=\"row-2070358178\">\n\n\n\t<div id=\"col-859187261\" class=\"col medium-6 small-12 large-6\"  >\n\t\t\t\t<div class=\"col-inner text-center\"  >\n\t\t\t\n\t\t\t\n\n\t<div class=\"img has-hover x md-x lg-x y md-y lg-y\" id=\"image_2106149196\">\n\t\t\t\t\t\t\t\t<div class=\"img-inner dark\" >\n\t\t\t<img decoding=\"async\" width=\"478\" height=\"299\" src=\"https:\/\/rali.fr\/blog-fr\/wp-content\/uploads\/2021\/01\/ralishark_embout_scie_sauteuse.jpg\" class=\"attachment-original size-original\" alt=\"\" srcset=\"https:\/\/rali.fr\/blog-fr\/wp-content\/uploads\/2021\/01\/ralishark_embout_scie_sauteuse.jpg 478w, https:\/\/rali.fr\/blog-fr\/wp-content\/uploads\/2021\/01\/ralishark_embout_scie_sauteuse-247x154.jpg 247w\" sizes=\"(max-width: 478px) 100vw, 478px\" \/>\t\t\t\t\t\t\n\t\t\t\t\t<\/div>\n\t\t\t\t\t\t\t\t\n<style>\n#image_2106149196 {\n  width: 100%;\n}\n<\/style>\n\t<\/div>\n\t\n\n\n\t\t<\/div>\n\t\t\t\t\t<\/div>\n\n\t\n\n\t<div id=\"col-1091326975\" class=\"col medium-6 small-12 large-6 small-col-first\"  >\n\t\t\t\t<div class=\"col-inner\"  >\n\t\t\t\n\t\t\t\n\n\t<div id=\"text-970538702\" class=\"text\">\n\t\t\n\n<h3 class=\"titre_1\" style=\"text-align: left;\"><span style=\"font-size: 120%;\"><strong>4 &#8211; SCIER<\/strong><\/span><\/h3>\n<div id=\"TheTexte\" class=\"Texte\" lang=\"zxx\">\n<p style=\"text-align: left;\">Gr\u00e2ce \u00e0 l&rsquo;adapteur scie, vous pouvez <strong>transformer votre porte-outils en scie d&rsquo;appoint<\/strong> ultra-pratique.&nbsp;Les lames \u00e0 utiliser sont tout simplement des lames de scie sauteuse (bois, fers).&nbsp;Diff\u00e9rents adaptateurs sont fournis.<\/p>\n<p style=\"text-align: left;\"><strong>Cette fonctionnalit\u00e9 est tr\u00e8s pratique<\/strong> pour scier :<\/p>\n<ul>\n<li style=\"text-align: left;\">un morceau de bois ;<\/li>\n<li style=\"text-align: left;\">une tige m\u00e9tallique ;<\/li>\n<li style=\"text-align: left;\">couper un tube PVC ;<\/li>\n<li style=\"text-align: left;\">effectuer des d\u00e9coupes dans les plaque de pl\u00e2tre ;<\/li>\n<li style=\"text-align: left;\">etc\u2026<\/li>\n<\/ul>\n<\/div>\n\t\t\n<style>\n#text-970538702 {\n  text-align: center;\n}\n<\/style>\n\t<\/div>\n\t\n\n\t\t<\/div>\n\t\t\t\t\t<\/div>\n\n\t\n\n<\/div>\n<div class=\"row align-middle\"  id=\"row-468703996\">\n\n\n\t<div id=\"col-236659957\" class=\"col medium-6 small-12 large-6\"  >\n\t\t\t\t<div class=\"col-inner text-center\"  >\n\t\t\t\n\t\t\t\n\n\t<div id=\"text-893333573\" class=\"text\">\n\t\t\n\n<h3 class=\"titre_1\" style=\"text-align: left;\"><span style=\"font-size: 120%;\"><strong>5 &#8211; DECOLLER<\/strong><\/span><\/h3>\n<div id=\"TheTexte\" class=\"Texte\" lang=\"zxx\">\n<p style=\"text-align: left;\">Toujours avec le m\u00eame porte-outils RALI SHARK, vous pouvez \u00e9galement utiliser cet outil pour <strong>le d\u00e9collage des \u00e9tiquettes, des vignettes, enlever de la colle, etc\u2026<\/strong><\/p>\n<p style=\"text-align: left;\">Toutes ces fonctionnalit\u00e9s sont regroup\u00e9s dans la mallette RALI SHARK.<\/p>\n<p style=\"text-align: left;\"><strong>Ce concept unique de <a href=\"\/ciseaux-a-bois-rali.html\">ciseaux multifonctions<\/a> a \u00e9t\u00e9 prim\u00e9 au salon international Eurobois.<\/strong><\/p>\n<\/div>\n\t\t\n<style>\n#text-893333573 {\n  text-align: center;\n}\n<\/style>\n\t<\/div>\n\t\n\n\t\t<\/div>\n\t\t\t\t\t<\/div>\n\n\t\n\n\t<div id=\"col-1526016172\" class=\"col medium-6 small-12 large-6\"  >\n\t\t\t\t<div class=\"col-inner\"  >\n\t\t\t\n\t\t\t\n\n\t<div class=\"img has-hover x md-x lg-x y md-y lg-y\" id=\"image_1144764785\">\n\t\t\t\t\t\t\t\t<div class=\"img-inner dark\" >\n\t\t\t<img decoding=\"async\" width=\"460\" height=\"322\" src=\"https:\/\/rali.fr\/blog-fr\/wp-content\/uploads\/2021\/01\/ralishark_40mm_autocollant.jpg\" class=\"attachment-original size-original\" alt=\"\" \/>\t\t\t\t\t\t\n\t\t\t\t\t<\/div>\n\t\t\t\t\t\t\t\t\n<style>\n#image_1144764785 {\n  width: 100%;\n}\n<\/style>\n\t<\/div>\n\t\n\n\n\t\t<\/div>\n\t\t\t\t\t<\/div>\n\n\t\n\n<\/div>\n\n\t\t<\/div>\n\t\t\t\t\t<\/div>\n\n\t\n\n<\/div>\n<div class=\"row row-full-width align-middle align-center row-dashed\"  id=\"row-195077232\">\n\n\n\t<div id=\"col-1388254658\" class=\"col small-12 large-12\"  >\n\t\t\t\t<div class=\"col-inner text-center\" style=\"background-color:rgb(236, 236, 236);\" >\n\t\t\t\n\t\t\t\n\n\t<div id=\"text-4071180876\" class=\"text\">\n\t\t\n\n<h2 class=\"uppercase\"><span style=\"font-size: 110%;\">L&rsquo;avis d&rsquo;un professionnel<\/span><\/h2>\n\t\t\n<style>\n#text-4071180876 {\n  font-size: 0.75rem;\n}\n<\/style>\n\t<\/div>\n\t\n\n\t\t<\/div>\n\t\t\t\t\t<\/div>\n\n\t\n\n<\/div>\n<div class=\"row align-center\"  id=\"row-380994521\">\n\n\n\t<div id=\"col-2046948449\" class=\"col medium-8 small-12 large-8\"  >\n\t\t\t\t<div class=\"col-inner text-center\"  >\n\t\t\t\n\t\t\t\n\n\t<div id=\"gap-1949999031\" class=\"gap-element clearfix\" style=\"display:block; height:auto;\">\n\t\t\n<style>\n#gap-1949999031 {\n  padding-top: 5px;\n}\n@media (min-width:550px) {\n  #gap-1949999031 {\n    padding-top: 30px;\n  }\n}\n<\/style>\n\t<\/div>\n\t\n\n\t<div id=\"text-110993491\" class=\"text\">\n\t\t\n\n<h3 class=\"uppercase\"><span style=\"font-size: 110%;\">SES conseils pour bien vous equiper<\/span><\/h3>\n\t\t\n<style>\n#text-110993491 {\n  font-size: 0.75rem;\n}\n<\/style>\n\t<\/div>\n\t\n\t\t<div class=\"video-responsive\">\n\t\t\t\t\n\n<iframe src=\"https:\/\/www.youtube.com\/embed\/ukbKGB3hYq4?cc_load_policy=1&amp;rel=0\" frameborder=\"0\"><\/iframe>\n\t\t<\/div>\n\t\n\n\t\t<\/div>\n\t\t\t\t\t<\/div>\n\n\t\n\n<\/div>\n<div class=\"row row-full-width align-middle align-center row-dashed\"  id=\"row-472444085\">\n\n\n\t<div id=\"col-306993428\" class=\"col small-12 large-12\"  >\n\t\t\t\t<div class=\"col-inner text-center\" style=\"background-color:rgb(236, 236, 236);\" >\n\t\t\t\n\t\t\t\n\n<h2 class=\"uppercase\"><span style=\"font-size: 110%;\">L&rsquo;EQUIPEMENT IDEAL POUR LE TRAVAIL DU BOIS<\/span><\/h2>\n\n\t\t<\/div>\n\t\t\t\t\t<\/div>\n\n\t\n\n<\/div>\n<div class=\"row\"  id=\"row-1101617325\">\n\n\n\t<div id=\"col-1883043145\" class=\"col small-12 large-12\"  >\n\t\t\t\t<div class=\"col-inner text-center\"  >\n\t\t\t\n\t\t\t\n\n\t<div id=\"gap-1989931889\" class=\"gap-element clearfix\" style=\"display:block; height:auto;\">\n\t\t\n<style>\n#gap-1989931889 {\n  padding-top: 10px;\n}\n@media (min-width:550px) {\n  #gap-1989931889 {\n    padding-top: 30px;\n  }\n}\n<\/style>\n\t<\/div>\n\t\n\n<h3 class=\"uppercase\"><span style=\"font-size: 110%;\">2 solutions pour bien VOUS Equiper<\/span><\/h3>\n\n\t\t<\/div>\n\t\t\t\t\t<\/div>\n\n\t\n\n<\/div>\n<div class=\"row row-large row-divided row-box-shadow-3 row-box-shadow-5-hover\"  id=\"row-387030402\">\n\n\n\t<div id=\"col-1259056681\" class=\"col medium-6 small-12 large-6\"  >\n\t\t\t\t<div class=\"col-inner text-center\"  >\n\t\t\t\n\t\t\t\n\n\n  <div class=\"banner has-hover\" id=\"banner-461226067\">\n          <div class=\"banner-inner fill\">\n        <div class=\"banner-bg fill\" >\n                                                \n                    <\/div>\n\t\t\n        <div class=\"banner-layers container\">\n            <div class=\"fill banner-link\"><\/div>            \n\n   <div id=\"text-box-445534205\" class=\"text-box banner-layer x50 md-x50 lg-x50 y50 md-y50 lg-y50 res-text\">\n                                <div class=\"text-box-content text \">\n              \n              <div class=\"text-inner text-center\">\n                  \n\n\t<div id=\"text-294043657\" class=\"text\">\n\t\t\n\n<h3 class=\"uppercase\"><span style=\"font-size: 110%;\">&#8211; 1 &#8211; <br>Les mallettes compl\u00e8tes<\/span><\/h3>\n\t\t\n<style>\n#text-294043657 {\n  font-size: 0.75rem;\n  color: rgb(0, 30, 255);\n}\n#text-294043657 > * {\n  color: rgb(0, 30, 255);\n}\n<\/style>\n\t<\/div>\n\t\n\n              <\/div>\n           <\/div>\n                            \n<style>\n#text-box-445534205 {\n  width: 100%;\n}\n#text-box-445534205 .text-box-content {\n  font-size: 100%;\n}\n@media (min-width:550px) {\n  #text-box-445534205 {\n    width: 90%;\n  }\n  #text-box-445534205 .text-box-content {\n    font-size: 100%;\n  }\n}\n<\/style>\n    <\/div>\n \n\n        <\/div>\n      <\/div>\n\n            \n<style>\n#banner-461226067 {\n  padding-top: 100px;\n  background-color: rgb(236, 236, 236);\n}\n<\/style>\n  <\/div>\n\n\n\t<div id=\"text-1684554165\" class=\"text\">\n\t\t\n\n<p style=\"text-align: left;\"><span style=\"color: #282828;\">Nous vous offrons la possibilit\u00e9 de vous \u00e9quiper avec des mallettes RALI Systainer selon diff\u00e9rentes configurations \u00e9labor\u00e9es par des professionnels du bois. Utilisation intensive ou occasionnelle, c&rsquo;est vous qui choississez !<\/span><\/p>\n\t\t\n<style>\n#text-1684554165 {\n  text-align: center;\n}\n<\/style>\n\t<\/div>\n\t\n\t<div class=\"img has-hover x md-x lg-x y md-y lg-y\" id=\"image_787814440\">\n\t\t\t\t\t\t\t\t<div class=\"img-inner image-cover dark\" style=\"padding-top:100%;\">\n\t\t\t<img decoding=\"async\" width=\"768\" height=\"512\" src=\"https:\/\/rali.fr\/blog-fr\/wp-content\/uploads\/2023\/06\/systainer_220_evo_n_0016.jpg-magento-3-768x512.jpg\" class=\"attachment-medium_large size-medium_large\" alt=\"\" srcset=\"https:\/\/rali.fr\/blog-fr\/wp-content\/uploads\/2023\/06\/systainer_220_evo_n_0016.jpg-magento-3-768x512.jpg 768w, https:\/\/rali.fr\/blog-fr\/wp-content\/uploads\/2023\/06\/systainer_220_evo_n_0016.jpg-magento-3.jpg 800w\" sizes=\"(max-width: 768px) 100vw, 768px\" \/>\t\t\t\t\t\t\n\t\t\t\t\t<\/div>\n\t\t\t\t\t\t\t\t\n<style>\n#image_787814440 {\n  width: 100%;\n}\n<\/style>\n\t<\/div>\n\t\n\n\t<div id=\"text-1412334314\" class=\"text\">\n\t\t\n\n<h3 class=\"titre_1\" style=\"text-align: left;\"><span style=\"font-size: 24.192px;\"><b>Pour faire le bon choix : <\/b><\/span><\/h3>\n<p style=\"text-align: left;\">La d\u00e9cision d&rsquo;acheter des outils s&rsquo;apparente souvent \u00e0 une d\u00e9marche complexe, surtout lorsqu&rsquo;une marque vous proposes un large choix d&rsquo;outils.<\/p>\n<p style=\"text-align: left;\"><strong>Pour r\u00e9pondre aux besoins les plus exigeants<\/strong>, RALI \u00e0 laborer plusieurs mallettes pour r\u00e9pondre aux besoins de chacun. Selon la configuration, vous retrouverez <strong>toutes les fonctionnalit\u00e9s raboter, ciseler, racler, scier et d\u00e9coller<\/strong>&nbsp;gr\u00e2ce aux diff\u00e9rents outils (rabots, guillaumes, ciseaux \u00e0 bois, racloir&#8230;).<\/p>\n<p style=\"text-align: left;\"><strong>Un v\u00e9ritable couteau Suisse<\/strong> pour les professionnels, les amateurs ou les passionn\u00e9s du bois, un v\u00e9ritable concentr\u00e9 de technologies.<\/p>\n<p style=\"text-align: left;\">Toutes nos mallettes Systainer sont fournies avec des lames interchangeables pour travailler tous les bois, <strong>vous \u00e9vitant ainsi les op\u00e9rations fastidieuses d&rsquo;aff\u00fbtage<\/strong>, vos outils seront toujours op\u00e9rationnels dans votre atelier ou sur vos chantiers.<\/p>\n<p style=\"text-align: left;\"><strong>Un v\u00e9ritable gain de temps, de place et un concentr\u00e9 de fonctionnalit\u00e9s.<\/strong><\/p>\n\t\t\n<style>\n#text-1412334314 {\n  text-align: center;\n}\n<\/style>\n\t<\/div>\n\t\n<a href=\"\/valises.html\" class=\"button success\"  style=\"border-radius:10px;\">\n\t\t<span>Voir les 10 mallettes pro<\/span>\n\t<i class=\"icon-angle-right\" aria-hidden=\"true\" ><\/i><\/a>\n\n\n\n\t\t<\/div>\n\t\t\t\t\t<\/div>\n\n\t\n\n\t<div id=\"col-276096500\" class=\"col medium-6 small-12 large-6\"  >\n\t\t\t\t<div class=\"col-inner text-center\"  >\n\t\t\t\n\t\t\t\n\n\n  <div class=\"banner has-hover\" id=\"banner-1526766830\">\n          <div class=\"banner-inner fill\">\n        <div class=\"banner-bg fill\" >\n                                                \n                    <\/div>\n\t\t\n        <div class=\"banner-layers container\">\n            <div class=\"fill banner-link\"><\/div>            \n\n   <div id=\"text-box-1569884804\" class=\"text-box banner-layer x50 md-x50 lg-x50 y50 md-y50 lg-y50 res-text\">\n                                <div class=\"text-box-content text \">\n              \n              <div class=\"text-inner text-center\">\n                  \n\n\t<div id=\"text-2201200077\" class=\"text\">\n\t\t\n\n<h3 class=\"uppercase\"><span style=\"text-align: center; font-size: 110%;\">&#8211; 2 &#8211;<br>mallette configurable<\/span><\/h3>\n\t\t\n<style>\n#text-2201200077 {\n  font-size: 0.75rem;\n  color: rgb(0, 30, 255);\n}\n#text-2201200077 > * {\n  color: rgb(0, 30, 255);\n}\n<\/style>\n\t<\/div>\n\t\n\n              <\/div>\n           <\/div>\n                            \n<style>\n#text-box-1569884804 {\n  width: 90%;\n}\n#text-box-1569884804 .text-box-content {\n  font-size: 100%;\n}\n<\/style>\n    <\/div>\n \n\n        <\/div>\n      <\/div>\n\n            \n<style>\n#banner-1526766830 {\n  padding-top: 100px;\n  background-color: rgb(236, 236, 236);\n}\n<\/style>\n  <\/div>\n\n\n\t<div id=\"text-3651985825\" class=\"text\">\n\t\t\n\n<p style=\"text-align: left;\"><span style=\"color: #282828;\">En qualit\u00e9 de fabricant, nous pouvons r\u00e9aliser pour vous <strong>votre mallette sur-mesure.<\/strong> Gr\u00e0ce \u00e0 notre configurateur, vous pouvez d\u00e9sormais choisir les outils qui correspondent \u00e0 100% \u00e0 vos attentes.<\/span><\/p>\n\t\t\n<style>\n#text-3651985825 {\n  text-align: center;\n}\n<\/style>\n\t<\/div>\n\t\n\t<div class=\"img has-hover x md-x lg-x y md-y lg-y\" id=\"image_2082685799\">\n\t\t\t\t\t\t\t\t<div class=\"img-inner image-cover dark\" style=\"padding-top:100%;\">\n\t\t\t<img decoding=\"async\" width=\"620\" height=\"620\" src=\"https:\/\/rali.fr\/blog-fr\/wp-content\/uploads\/2023\/12\/Mallette-sur-mesure-3.jpg\" class=\"attachment-medium_large size-medium_large\" alt=\"\" srcset=\"https:\/\/rali.fr\/blog-fr\/wp-content\/uploads\/2023\/12\/Mallette-sur-mesure-3.jpg 620w, https:\/\/rali.fr\/blog-fr\/wp-content\/uploads\/2023\/12\/Mallette-sur-mesure-3-600x600.jpg 600w, https:\/\/rali.fr\/blog-fr\/wp-content\/uploads\/2023\/12\/Mallette-sur-mesure-3-280x280.jpg 280w\" sizes=\"(max-width: 620px) 100vw, 620px\" \/>\t\t\t\t\t\t\n\t\t\t\t\t<\/div>\n\t\t\t\t\t\t\t\t\n<style>\n#image_2082685799 {\n  width: 100%;\n}\n<\/style>\n\t<\/div>\n\t\n\n\t<div id=\"text-3016166771\" class=\"text\">\n\t\t\n\n<h3 class=\"titre_1\" style=\"text-align: left;\"><span style=\"font-size: 24.192px;\"><b>C&rsquo;est vous qui composez :&nbsp;<\/b><\/span><\/h3>\n<p style=\"text-align: left;\">Si vous ne trouvez la mallette correspondante exactement \u00e0 vos besoins, RALI vous offre d\u00e9sormais la possibilit\u00e9 de cr\u00e9er votre mallette sur-mesure OU pour compl\u00e9ter simplement votre \u00e9quipement actuel.<\/p>\n<p style=\"text-align: left;\"><strong>Gr\u00e2ce \u00e0 notre configurateur, vous choisissez les outils et les accessoires dont vous avez pr\u00e9cisement besoin.<\/strong><\/p>\n<p style=\"text-align: left;\">Vous b\u00e9n\u00e9ficiez d&rsquo;une garantie de 5 ans sur les outils de la gamme Evolution N et <strong>une tarification avantageuse vous sera propos\u00e9e<\/strong> si vous commandez plus de 3 outils.<\/p>\n<p style=\"text-align: left;\">Cette offre est aussi destin\u00e9e \u00e0 tous les futurs professionnels et amateurs passionn\u00e9s afin de pouvoir s&rsquo;\u00e9quiper avec les premiers outils indispensables et par la suite, continuer \u00e0 compl\u00e9ter leur \u00e9quipement \u00e0 un tarif pr\u00e9f\u00e9rentiel garanti.<\/p>\n<p style=\"text-align: left;\">Avec le service d&rsquo;un <strong>fabricant en direct, \u00e7a change tout !<\/strong><\/p>\n<p><strong>Testez notre configurateur sans engagement.<\/strong><\/p>\n\t\t\n<style>\n#text-3016166771 {\n  text-align: center;\n}\n<\/style>\n\t<\/div>\n\t\n<a href=\"\/config-systainer\" class=\"button success\"  style=\"border-radius:10px;\">\n\t\t<span>Je teste le configurateur<\/span>\n\t<i class=\"icon-angle-right\" aria-hidden=\"true\" ><\/i><\/a>\n\n\n\n\t\t<\/div>\n\t\t\t\t\t<\/div>\n\n\t\n\n\n<style>\n#row-387030402 > .col > .col-inner {\n  padding: 0px 10px 0px 10px;\n}\n<\/style>\n<\/div>\n<div class=\"container section-title-container\" ><h2 class=\"section-title section-title-center\"><b><\/b><span class=\"section-title-main\" style=\"font-size:110%;\">En ce moment<\/span><b><\/b><\/h2><\/div>\n\n<div class=\"row align-equal align-center\"  id=\"row-2056160610\">\n\n\n\t<div id=\"col-1269421967\" class=\"col medium-9 small-12 large-9\"  >\n\t\t\t\t<div class=\"col-inner text-center box-shadow-3 box-shadow-1-hover dark\" style=\"background-color:rgb(0,0,0);\" >\n\t\t\t\n\t\t\t\n\n\t<div id=\"text-825711334\" class=\"text\">\n\t\t\n\n<p><span style=\"font-size: 200%;\"><span style=\"font-size: 160%;\"><span style=\"color: #ffffff;\">Aujourd'hui<br \/><\/span><\/span><\/span><\/p>\n<p><span style=\"font-size: 200%;\"><span style=\"color: #ed1c24; font-size: 150%;\">-15\u20ac\/chf <\/span>offerts<br \/>tous les 100\u20ac\/chf d'achat*<br \/>\n<\/span><\/p>\n\t\t\n<style>\n#text-825711334 {\n  line-height: 1.2;\n}\n<\/style>\n\t<\/div>\n\t\n<a href=\"\/rabots.html\" class=\"button success\"  >\n\t\t<span>Voir les outils<\/span>\n\t<\/a>\n\n\n\t<div id=\"text-3654464180\" class=\"text\">\n\t\t\n\n<p>*hors promotions<\/p>\n\t\t\n<style>\n#text-3654464180 {\n  font-size: 0.75rem;\n  text-align: right;\n}\n<\/style>\n\t<\/div>\n\t\n\n\t\t<\/div>\n\t\t\t\t\n<style>\n#col-1269421967 > .col-inner {\n  padding: 20px 20px 0px 20px;\n  border-radius: 30px;\n}\n<\/style>\n\t<\/div>\n\n\t\n\n\t<div id=\"col-1853309719\" class=\"col medium-9 small-12 large-9\"  >\n\t\t\t\t<div class=\"col-inner text-center box-shadow-3 box-shadow-1-hover dark\" style=\"background-color:rgb(0,0,0);\" >\n\t\t\t\n\t\t\t\n\n\t<div id=\"text-4070903339\" class=\"text\">\n\t\t\n\n<p><span style=\"font-size: 200%;\"><span style=\"font-size: 160%;\"><span style=\"color: #ffffff;\">OFFRE PACKS<br \/><\/span><\/span><\/span><\/p>\n<p><span style=\"font-size: 200%;\">Jusqu'\u00e0 <span style=\"color: #ed1c24; font-size: 150%;\">-50% <\/span>sur le 2\u00e8me outil<br \/>dans nos packs d'\u00e9quipement<br \/><\/span><\/p>\n\t\t\n<style>\n#text-4070903339 {\n  line-height: 1.2;\n}\n<\/style>\n\t<\/div>\n\t\n<a href=\"\/promo.html\" class=\"button success\"  >\n\t\t<span>Voir les packs<\/span>\n\t<\/a>\n\n\n\t<div id=\"text-1447330887\" class=\"text hidden\">\n\t\t\n\n<p>*hors promotions<\/p>\n\t\t\n<style>\n#text-1447330887 {\n  font-size: 0.75rem;\n  text-align: right;\n}\n<\/style>\n\t<\/div>\n\t\n\n\t\t<\/div>\n\t\t\t\t\n<style>\n#col-1853309719 > .col-inner {\n  padding: 20px 20px 0px 20px;\n  border-radius: 30px;\n}\n<\/style>\n\t<\/div>\n\n\t\n\n\n<style>\n#row-2056160610 > .col > .col-inner {\n  background-color: rgb(0,0,0);\n}\n<\/style>\n<\/div>\n\n\n\n\n\n\t<div id=\"gap-1131968314\" class=\"gap-element clearfix\" style=\"display:block; height:auto;\">\n\t\t\n<style>\n#gap-1131968314 {\n  padding-top: 30px;\n}\n<\/style>\n\t<\/div>\n\t\n","protected":false},"excerpt":{"rendered":"","protected":false},"author":1,"featured_media":0,"parent":0,"menu_order":0,"comment_status":"closed","ping_status":"closed","template":"page-blank.php","meta":{"_yoast_wpseo_focuskw":"","_yoast_wpseo_title":"","_yoast_wpseo_metadesc":"","rank_math_description":"","rank_math_focus_keyword":"","rank_math_title":"","footnotes":""},"class_list":["post-8547","page","type-page","status-publish","hentry"],"yoast_head":"<!-- This site is optimized with the Yoast SEO plugin v25.3 - https:\/\/yoast.com\/wordpress\/plugins\/seo\/ -->\n<title>Pr\u00e9sentation - La mallette id\u00e9ale pour les professionnels du bois - RALI outils bois pour les pros<\/title>\n<meta name=\"robots\" content=\"index, follow, max-snippet:-1, max-image-preview:large, max-video-preview:-1\" \/>\n<link rel=\"canonical\" href=\"https:\/\/rali.fr\/blog-fr\/mallette-systainer-rali-un-concentre-de-technologie\/\" \/>\n<meta property=\"og:locale\" content=\"fr_FR\" \/>\n<meta property=\"og:type\" content=\"article\" \/>\n<meta property=\"og:title\" content=\"Pr\u00e9sentation - La mallette id\u00e9ale pour les professionnels du bois - RALI outils bois pour les pros\" \/>\n<meta property=\"og:url\" content=\"https:\/\/rali.fr\/blog-fr\/mallette-systainer-rali-un-concentre-de-technologie\/\" \/>\n<meta property=\"og:site_name\" content=\"RALI outils bois pour les pros\" \/>\n<meta property=\"article:publisher\" content=\"https:\/\/www.facebook.com\/raliswiss\" \/>\n<meta property=\"article:modified_time\" content=\"2023-12-15T12:19:13+00:00\" \/>\n<meta name=\"twitter:card\" content=\"summary_large_image\" \/>\n<meta name=\"twitter:label1\" content=\"Dur\u00e9e de lecture estim\u00e9e\" \/>\n\t<meta name=\"twitter:data1\" content=\"7 minutes\" \/>\n<script type=\"application\/ld+json\" class=\"yoast-schema-graph\">{\"@context\":\"https:\/\/schema.org\",\"@graph\":[{\"@type\":\"WebPage\",\"@id\":\"https:\/\/rali.fr\/blog-fr\/mallette-systainer-rali-un-concentre-de-technologie\/\",\"url\":\"https:\/\/rali.fr\/blog-fr\/mallette-systainer-rali-un-concentre-de-technologie\/\",\"name\":\"Pr\u00e9sentation - La mallette id\u00e9ale pour les professionnels du bois - RALI outils bois pour les pros\",\"isPartOf\":{\"@id\":\"https:\/\/rali.fr\/blog-fr\/#website\"},\"datePublished\":\"2023-01-26T10:05:20+00:00\",\"dateModified\":\"2023-12-15T12:19:13+00:00\",\"inLanguage\":\"fr-FR\",\"potentialAction\":[{\"@type\":\"ReadAction\",\"target\":[\"https:\/\/rali.fr\/blog-fr\/mallette-systainer-rali-un-concentre-de-technologie\/\"]}]},{\"@type\":\"WebSite\",\"@id\":\"https:\/\/rali.fr\/blog-fr\/#website\",\"url\":\"https:\/\/rali.fr\/blog-fr\/\",\"name\":\"RALI outils bois pour les pros\",\"description\":\"Les outils bois pour les passionn\u00e9s\",\"publisher\":{\"@id\":\"https:\/\/rali.fr\/blog-fr\/#organization\"},\"potentialAction\":[{\"@type\":\"SearchAction\",\"target\":{\"@type\":\"EntryPoint\",\"urlTemplate\":\"https:\/\/rali.fr\/blog-fr\/?s={search_term_string}\"},\"query-input\":{\"@type\":\"PropertyValueSpecification\",\"valueRequired\":true,\"valueName\":\"search_term_string\"}}],\"inLanguage\":\"fr-FR\"},{\"@type\":\"Organization\",\"@id\":\"https:\/\/rali.fr\/blog-fr\/#organization\",\"name\":\"RALI\",\"url\":\"https:\/\/rali.fr\/blog-fr\/\",\"logo\":{\"@type\":\"ImageObject\",\"inLanguage\":\"fr-FR\",\"@id\":\"https:\/\/rali.fr\/blog-fr\/#\/schema\/logo\/image\/\",\"url\":\"https:\/\/rali.fr\/blog-fr\/wp-content\/uploads\/2026\/04\/rali_logo_color_FR.gif\",\"contentUrl\":\"https:\/\/rali.fr\/blog-fr\/wp-content\/uploads\/2026\/04\/rali_logo_color_FR.gif\",\"width\":1000,\"height\":470,\"caption\":\"RALI\"},\"image\":{\"@id\":\"https:\/\/rali.fr\/blog-fr\/#\/schema\/logo\/image\/\"},\"sameAs\":[\"https:\/\/www.facebook.com\/raliswiss\"]}]}<\/script>\n<!-- \/ Yoast SEO plugin. -->","yoast_head_json":{"title":"Pr\u00e9sentation - La mallette id\u00e9ale pour les professionnels du bois - RALI outils bois pour les pros","robots":{"index":"index","follow":"follow","max-snippet":"max-snippet:-1","max-image-preview":"max-image-preview:large","max-video-preview":"max-video-preview:-1"},"canonical":"https:\/\/rali.fr\/blog-fr\/mallette-systainer-rali-un-concentre-de-technologie\/","og_locale":"fr_FR","og_type":"article","og_title":"Pr\u00e9sentation - La mallette id\u00e9ale pour les professionnels du bois - RALI outils bois pour les pros","og_url":"https:\/\/rali.fr\/blog-fr\/mallette-systainer-rali-un-concentre-de-technologie\/","og_site_name":"RALI outils bois pour les pros","article_publisher":"https:\/\/www.facebook.com\/raliswiss","article_modified_time":"2023-12-15T12:19:13+00:00","twitter_card":"summary_large_image","twitter_misc":{"Dur\u00e9e de lecture estim\u00e9e":"7 minutes"},"schema":{"@context":"https:\/\/schema.org","@graph":[{"@type":"WebPage","@id":"https:\/\/rali.fr\/blog-fr\/mallette-systainer-rali-un-concentre-de-technologie\/","url":"https:\/\/rali.fr\/blog-fr\/mallette-systainer-rali-un-concentre-de-technologie\/","name":"Pr\u00e9sentation - La mallette id\u00e9ale pour les professionnels du bois - RALI outils bois pour les pros","isPartOf":{"@id":"https:\/\/rali.fr\/blog-fr\/#website"},"datePublished":"2023-01-26T10:05:20+00:00","dateModified":"2023-12-15T12:19:13+00:00","inLanguage":"fr-FR","potentialAction":[{"@type":"ReadAction","target":["https:\/\/rali.fr\/blog-fr\/mallette-systainer-rali-un-concentre-de-technologie\/"]}]},{"@type":"WebSite","@id":"https:\/\/rali.fr\/blog-fr\/#website","url":"https:\/\/rali.fr\/blog-fr\/","name":"RALI outils bois pour les pros","description":"Les outils bois pour les passionn\u00e9s","publisher":{"@id":"https:\/\/rali.fr\/blog-fr\/#organization"},"potentialAction":[{"@type":"SearchAction","target":{"@type":"EntryPoint","urlTemplate":"https:\/\/rali.fr\/blog-fr\/?s={search_term_string}"},"query-input":{"@type":"PropertyValueSpecification","valueRequired":true,"valueName":"search_term_string"}}],"inLanguage":"fr-FR"},{"@type":"Organization","@id":"https:\/\/rali.fr\/blog-fr\/#organization","name":"RALI","url":"https:\/\/rali.fr\/blog-fr\/","logo":{"@type":"ImageObject","inLanguage":"fr-FR","@id":"https:\/\/rali.fr\/blog-fr\/#\/schema\/logo\/image\/","url":"https:\/\/rali.fr\/blog-fr\/wp-content\/uploads\/2026\/04\/rali_logo_color_FR.gif","contentUrl":"https:\/\/rali.fr\/blog-fr\/wp-content\/uploads\/2026\/04\/rali_logo_color_FR.gif","width":1000,"height":470,"caption":"RALI"},"image":{"@id":"https:\/\/rali.fr\/blog-fr\/#\/schema\/logo\/image\/"},"sameAs":["https:\/\/www.facebook.com\/raliswiss"]}]}},"_links":{"self":[{"href":"https:\/\/rali.fr\/blog-fr\/wp-json\/wp\/v2\/pages\/8547","targetHints":{"allow":["GET"]}}],"collection":[{"href":"https:\/\/rali.fr\/blog-fr\/wp-json\/wp\/v2\/pages"}],"about":[{"href":"https:\/\/rali.fr\/blog-fr\/wp-json\/wp\/v2\/types\/page"}],"author":[{"embeddable":true,"href":"https:\/\/rali.fr\/blog-fr\/wp-json\/wp\/v2\/users\/1"}],"replies":[{"embeddable":true,"href":"https:\/\/rali.fr\/blog-fr\/wp-json\/wp\/v2\/comments?post=8547"}],"version-history":[{"count":145,"href":"https:\/\/rali.fr\/blog-fr\/wp-json\/wp\/v2\/pages\/8547\/revisions"}],"predecessor-version":[{"id":12200,"href":"https:\/\/rali.fr\/blog-fr\/wp-json\/wp\/v2\/pages\/8547\/revisions\/12200"}],"wp:attachment":[{"href":"https:\/\/rali.fr\/blog-fr\/wp-json\/wp\/v2\/media?parent=8547"}],"curies":[{"name":"wp","href":"https:\/\/api.w.org\/{rel}","templated":true}]}}